{"id":22,"date":"2021-02-10T21:44:56","date_gmt":"2021-02-10T20:44:56","guid":{"rendered":"https:\/\/ffw-haldenwang.de\/ffw\/?page_id=22"},"modified":"2026-03-08T11:17:08","modified_gmt":"2026-03-08T10:17:08","slug":"aktuell","status":"publish","type":"page","link":"https:\/\/ffw-haldenwang.de\/ffw\/aktuell\/","title":{"rendered":"Aktuell"},"content":{"rendered":"<h4><span style=\"text-decoration: underline; color: #ff0000;\"><strong>Aktuelle Informationen:<\/strong><\/span><\/h4>\n<div>&nbsp;<\/div>\n<div><a href=\"https:\/\/ffw-haldenwang.de\/ffw\/wp-content\/uploads\/2026\/03\/1000123779.jpg\"><img loading=\"lazy\" decoding=\"async\" class=\"alignnone size-large wp-image-1983\" src=\"https:\/\/ffw-haldenwang.de\/ffw\/wp-content\/uploads\/2026\/03\/1000123779-696x1024.jpg\" alt=\"\" width=\"610\" height=\"897\" srcset=\"https:\/\/ffw-haldenwang.de\/ffw\/wp-content\/uploads\/2026\/03\/1000123779-696x1024.jpg 696w, https:\/\/ffw-haldenwang.de\/ffw\/wp-content\/uploads\/2026\/03\/1000123779-204x300.jpg 204w, https:\/\/ffw-haldenwang.de\/ffw\/wp-content\/uploads\/2026\/03\/1000123779-768x1129.jpg 768w, https:\/\/ffw-haldenwang.de\/ffw\/wp-content\/uploads\/2026\/03\/1000123779-1045x1536.jpg 1045w, https:\/\/ffw-haldenwang.de\/ffw\/wp-content\/uploads\/2026\/03\/1000123779-238x350.jpg 238w, https:\/\/ffw-haldenwang.de\/ffw\/wp-content\/uploads\/2026\/03\/1000123779.jpg 1078w\" sizes=\"auto, (max-width: 610px) 100vw, 610px\" \/><\/a><\/div>\n<div>&nbsp;<\/div>\n<div>&nbsp;<\/div>\n<div>&nbsp;<\/div>\n<div>&nbsp;<\/div>\n<p><a href=\"https:\/\/ffw-haldenwang.de\/ffw\/wp-content\/uploads\/2025\/12\/Haldenwang-Leuchtet-25-26.jpg\"><img loading=\"lazy\" decoding=\"async\" class=\"alignnone size-large wp-image-1861\" src=\"https:\/\/ffw-haldenwang.de\/ffw\/wp-content\/uploads\/2025\/12\/Haldenwang-Leuchtet-25-26-592x1024.jpg\" alt=\"\" width=\"592\" height=\"1024\" srcset=\"https:\/\/ffw-haldenwang.de\/ffw\/wp-content\/uploads\/2025\/12\/Haldenwang-Leuchtet-25-26-592x1024.jpg 592w, https:\/\/ffw-haldenwang.de\/ffw\/wp-content\/uploads\/2025\/12\/Haldenwang-Leuchtet-25-26-173x300.jpg 173w, https:\/\/ffw-haldenwang.de\/ffw\/wp-content\/uploads\/2025\/12\/Haldenwang-Leuchtet-25-26-768x1329.jpg 768w, https:\/\/ffw-haldenwang.de\/ffw\/wp-content\/uploads\/2025\/12\/Haldenwang-Leuchtet-25-26-888x1536.jpg 888w, https:\/\/ffw-haldenwang.de\/ffw\/wp-content\/uploads\/2025\/12\/Haldenwang-Leuchtet-25-26-202x350.jpg 202w, https:\/\/ffw-haldenwang.de\/ffw\/wp-content\/uploads\/2025\/12\/Haldenwang-Leuchtet-25-26.jpg 924w\" sizes=\"auto, (max-width: 592px) 100vw, 592px\" \/><\/a><br \/>\n<strong><span style=\"text-decoration: underline;\"><span style=\"color: #000000; text-decoration: underline;\">&nbsp;<\/span><\/span><\/strong><\/p>\n<p>&nbsp;<\/p>\n<p>&nbsp;<\/p>\n<h4><span style=\"color: #000000;\">Familienfest am Sonntag den 1. Juni 2025<\/span><\/h4>\n<p><a href=\"https:\/\/ffw-haldenwang.de\/ffw\/familienfest\/\" target=\"_blank\" rel=\"noopener\"><span style=\"color: #000000;\">&gt;weitere INFOS&lt;<\/span><\/a><\/p>\n<p>&nbsp;<\/p>\n<p>&nbsp;<\/p>\n<p><a href=\"https:\/\/ffw-haldenwang.de\/ffw\/wp-content\/uploads\/2025\/03\/Rosenfeuer-2025Abgesagt.jpg\"><img loading=\"lazy\" decoding=\"async\" class=\"alignnone size-large wp-image-1830\" src=\"https:\/\/ffw-haldenwang.de\/ffw\/wp-content\/uploads\/2025\/03\/Rosenfeuer-2025Abgesagt-724x1024.jpg\" alt=\"\" width=\"610\" height=\"863\" srcset=\"https:\/\/ffw-haldenwang.de\/ffw\/wp-content\/uploads\/2025\/03\/Rosenfeuer-2025Abgesagt-724x1024.jpg 724w, https:\/\/ffw-haldenwang.de\/ffw\/wp-content\/uploads\/2025\/03\/Rosenfeuer-2025Abgesagt-212x300.jpg 212w, https:\/\/ffw-haldenwang.de\/ffw\/wp-content\/uploads\/2025\/03\/Rosenfeuer-2025Abgesagt-768x1086.jpg 768w, https:\/\/ffw-haldenwang.de\/ffw\/wp-content\/uploads\/2025\/03\/Rosenfeuer-2025Abgesagt-1087x1536.jpg 1087w, https:\/\/ffw-haldenwang.de\/ffw\/wp-content\/uploads\/2025\/03\/Rosenfeuer-2025Abgesagt-248x350.jpg 248w, https:\/\/ffw-haldenwang.de\/ffw\/wp-content\/uploads\/2025\/03\/Rosenfeuer-2025Abgesagt.jpg 1240w\" sizes=\"auto, (max-width: 610px) 100vw, 610px\" \/><\/a><\/p>\n<p>&nbsp;<\/p>\n<p><a href=\"https:\/\/ffw-haldenwang.de\/ffw\/wp-content\/uploads\/2024\/12\/241110-Haldenwang-leuchtet-Blaettle-3.pdf\" target=\"_blank\" rel=\"noopener\"><img loading=\"lazy\" decoding=\"async\" class=\"alignnone wp-image-1793 size-medium\" src=\"https:\/\/ffw-haldenwang.de\/ffw\/wp-content\/uploads\/2024\/12\/Haldenwang-Leuchtet-2024-25-1-212x300.jpg\" alt=\"\" width=\"212\" height=\"300\" srcset=\"https:\/\/ffw-haldenwang.de\/ffw\/wp-content\/uploads\/2024\/12\/Haldenwang-Leuchtet-2024-25-1-212x300.jpg 212w, https:\/\/ffw-haldenwang.de\/ffw\/wp-content\/uploads\/2024\/12\/Haldenwang-Leuchtet-2024-25-1-724x1024.jpg 724w, https:\/\/ffw-haldenwang.de\/ffw\/wp-content\/uploads\/2024\/12\/Haldenwang-Leuchtet-2024-25-1-768x1087.jpg 768w, https:\/\/ffw-haldenwang.de\/ffw\/wp-content\/uploads\/2024\/12\/Haldenwang-Leuchtet-2024-25-1-1086x1536.jpg 1086w, https:\/\/ffw-haldenwang.de\/ffw\/wp-content\/uploads\/2024\/12\/Haldenwang-Leuchtet-2024-25-1-1448x2048.jpg 1448w, https:\/\/ffw-haldenwang.de\/ffw\/wp-content\/uploads\/2024\/12\/Haldenwang-Leuchtet-2024-25-1-247x350.jpg 247w, https:\/\/ffw-haldenwang.de\/ffw\/wp-content\/uploads\/2024\/12\/Haldenwang-Leuchtet-2024-25-1.jpg 1753w\" sizes=\"auto, (max-width: 212px) 100vw, 212px\" \/><\/a><\/p>\n<p>&nbsp;<\/p>\n<h4><span style=\"text-decoration: underline;\"><span style=\"color: #000000; text-decoration: underline;\">Freiwillige Feuerwehr Haldenwang und B\u00f6rwang<\/span><\/span><\/h4>\n<p><strong>Einladung zum Kameradschaftsabend<\/strong><\/p>\n<p><strong>am Samstag 26. Oktober 2024<\/strong><\/p>\n<p>Zum gemeinsamen Kameradschaftsabend der Freiwilligen Feuerwehr Haldenwang und B\u00f6rwang am Samstag, den 26.10.2024 um 20:00 Uhr im Sportzentrum Haldenwang,laden wir alle aktiven Kameraden\/Kameradinnen sowie unsere Ehrenmitglieder,&nbsp;<br \/>\npassive und f\u00f6rdernde Mitglieder, alle mit Partner\/in, herzlich ein.&nbsp;<\/p>\n<p>Eine besondere Einladung ergeht auch an&nbsp;unseren 1. B\u00fcrgermeister, Herrn Josef W\u00f6lfle, mit Gemeinder\u00e4tinnen und Gemeinder\u00e4ten.<\/p>\n<p>Aktive Mitglieder&nbsp;bitte in Uniform erscheinen.<\/p>\n<p>Zur Unterhaltung spielt die&nbsp;Musikgruppe \u201eHolzschuah-Buaba\u201c.<\/p>\n<p>Verbringen Sie mit uns ein paar nette&nbsp;Stunden in gem\u00fctlicher Runde!&nbsp;<\/p>\n<p>Die Vorstandschaft der beiden Feuerwehren<\/p>\n<p>&nbsp;<\/p>\n<h4><span style=\"text-decoration: underline;\"><span style=\"color: #000000;\"><strong>Viehscheid 2024<\/strong><\/span><\/span><\/h4>\n<p><span style=\"color: #000000;\"><strong>Aufgrund der schlechten Wetterprognose f\u00fcr die n\u00e4chsten Tage m\u00fcssen wir den Viehscheid 2024 leider absagen. Wir bedanken uns f\u00fcr Ihr Verst\u00e4ndnis.<\/strong><\/span><\/p>\n<p><a href=\"https:\/\/ffw-haldenwang.de\/ffw\/wp-content\/uploads\/2024\/09\/1000042328.jpg\"><img loading=\"lazy\" decoding=\"async\" class=\"alignnone size-large wp-image-1778\" src=\"https:\/\/ffw-haldenwang.de\/ffw\/wp-content\/uploads\/2024\/09\/1000042328-518x1024.jpg\" alt=\"\" width=\"518\" height=\"1024\"><\/a><\/p>\n<p>&nbsp;<\/p>\n<p>&nbsp;<\/p>\n<p>&nbsp;<\/p>\n<h4><strong><span style=\"color: #ff0000; text-decoration: underline;\">Altpapiersammlung<\/span><\/strong><\/h4>\n<p><span style=\"color: #000000;\">der Jugendfeuerwehr Haldenwang<\/span><br \/>\n<a href=\"https:\/\/ffw-haldenwang.de\/ffw\/wp-content\/uploads\/2024\/06\/240521-Plakat-Altpapiersammlung-FF-Haldenwang-Allgaeu.pdf\" target=\"_blank\" rel=\"noopener\"><strong>&gt;INFO&lt;<\/strong><\/a><\/p>\n<p>&nbsp;<\/p>\n<h4><span style=\"color: #ff0000;\"><strong>Haldenwang Hilft<\/strong><\/span><\/h4>\n<p><span style=\"color: #000000;\">Zahlreiche B\u00fcrger und B\u00fcrgerinnen sind dem Aufruf der Freiwilligen Feuerwehr Haldenwang gefolgt, die zur Unterst\u00fctzung bei den Aufr\u00e4umarbeiten nach dem Hochwasser aufgerufen hat. Mit 31 Zivilpersonen und 25 Feuerwehrlern wurden die eingesetzten Ger\u00e4tschaften wieder eingesammelt und auf Vordermann gebraucht. Auch die ca. 650 eingesetzten Sands\u00e4cke wurden eingesammelt, sortiert und an die Landwirte (die sie gro\u00dfz\u00fcgiger Weise zur Verf\u00fcgung gestellt haben) zur\u00fcckgegeben.<\/span><\/p>\n<p><span style=\"color: #000000;\">Zum Schluss bedankte sich 1. Kommandant Thomas Bachmann bei allen Helfern f\u00fcr ihren tatkr\u00e4ftigen Einsatz.<\/span><\/p>\n<p><span style=\"color: #000000;\">Anschlie\u00dfend gab es f\u00fcr alle Helfer noch eine Brotzeit.<\/span><\/p>\n<p>&nbsp;<\/p>\n<p>ngg_shortcode_0_placeholder<a href=\"https:\/\/ffw-haldenwang.de\/ffw\/wp-content\/uploads\/2024\/06\/Haldenwang-Hilft.jpg\" target=\"_blank\" rel=\"noopener\"><img loading=\"lazy\" decoding=\"async\" class=\"alignnone wp-image-1734 size-medium\" src=\"https:\/\/ffw-haldenwang.de\/ffw\/wp-content\/uploads\/2024\/06\/Haldenwang-Hilft-300x292.jpg\" alt=\"\" width=\"300\" height=\"292\" srcset=\"https:\/\/ffw-haldenwang.de\/ffw\/wp-content\/uploads\/2024\/06\/Haldenwang-Hilft-300x292.jpg 300w, https:\/\/ffw-haldenwang.de\/ffw\/wp-content\/uploads\/2024\/06\/Haldenwang-Hilft-1024x996.jpg 1024w, https:\/\/ffw-haldenwang.de\/ffw\/wp-content\/uploads\/2024\/06\/Haldenwang-Hilft-768x747.jpg 768w, https:\/\/ffw-haldenwang.de\/ffw\/wp-content\/uploads\/2024\/06\/Haldenwang-Hilft-360x350.jpg 360w, https:\/\/ffw-haldenwang.de\/ffw\/wp-content\/uploads\/2024\/06\/Haldenwang-Hilft.jpg 1079w\" sizes=\"auto, (max-width: 300px) 100vw, 300px\" \/><\/a><\/p>\n<div class=\"warningHeadlineTitleBox\">\n<h3><span style=\"color: #000000;\">Amtliche UNWETTERWARNUNG vor EXTREM ERGIEBIGEM DAUERREGEN<\/span><\/h3>\n<p><strong>Sa, 1. Jun, 05:00 \u2013 So, 2. Jun 08:00 Uhr<\/strong><\/p>\n<\/div>\n<div>\n<h4>Nach bisher beobachteten Niederschlagsmengen von 70 bis 100 l\/m\u00b2 tritt weiterhin extrem ergiebiger Dauerregen wechselnder Intensit\u00e4t auf. Dabei werden nochmals Niederschlagsmengen zwischen 30 l\/m\u00b2 und 60 l\/m\u00b2 erwartet.<\/h4>\n<\/div>\n<p>&nbsp;<\/p>\n<p>&nbsp;<\/p>\n<h2 style=\"text-align: center;\"><span style=\"color: #000000;\"><strong>Fr\u00fchschoppen mit Familienfest<\/strong><\/span><\/h2>\n<p>&nbsp;<\/p>\n<p><a href=\"https:\/\/ffw-haldenwang.de\/ffw\/wp-content\/uploads\/2024\/05\/01_240521-Plakat-FruehschoppenFamilienfest-FF-Haldenwang-Allgaeu-1.jpg\" target=\"_blank\" rel=\"noopener\"><img loading=\"lazy\" decoding=\"async\" class=\"aligncenter wp-image-1645\" src=\"https:\/\/ffw-haldenwang.de\/ffw\/wp-content\/uploads\/2024\/05\/01_240521-Plakat-FruehschoppenFamilienfest-FF-Haldenwang-Allgaeu-1-212x300.jpg\" alt=\"\" width=\"350\" height=\"495\" srcset=\"https:\/\/ffw-haldenwang.de\/ffw\/wp-content\/uploads\/2024\/05\/01_240521-Plakat-FruehschoppenFamilienfest-FF-Haldenwang-Allgaeu-1-212x300.jpg 212w, https:\/\/ffw-haldenwang.de\/ffw\/wp-content\/uploads\/2024\/05\/01_240521-Plakat-FruehschoppenFamilienfest-FF-Haldenwang-Allgaeu-1-724x1024.jpg 724w, https:\/\/ffw-haldenwang.de\/ffw\/wp-content\/uploads\/2024\/05\/01_240521-Plakat-FruehschoppenFamilienfest-FF-Haldenwang-Allgaeu-1-768x1086.jpg 768w, https:\/\/ffw-haldenwang.de\/ffw\/wp-content\/uploads\/2024\/05\/01_240521-Plakat-FruehschoppenFamilienfest-FF-Haldenwang-Allgaeu-1-1086x1536.jpg 1086w, https:\/\/ffw-haldenwang.de\/ffw\/wp-content\/uploads\/2024\/05\/01_240521-Plakat-FruehschoppenFamilienfest-FF-Haldenwang-Allgaeu-1-247x350.jpg 247w, https:\/\/ffw-haldenwang.de\/ffw\/wp-content\/uploads\/2024\/05\/01_240521-Plakat-FruehschoppenFamilienfest-FF-Haldenwang-Allgaeu-1.jpg 1240w\" sizes=\"auto, (max-width: 350px) 100vw, 350px\" \/><\/a><\/p>\n<h4 style=\"text-align: center;\"><span style=\"font-family: Arial; color: #000000;\"><strong>Fr\u00fchschoppen mit Familienfest<\/strong><\/span><\/h4>\n<p>&nbsp;<\/p>\n<p style=\"text-align: center;\"><span style=\"font-family: Arial; color: #000000;\">Sonntag, 16. Juni 2024 ab 10.00 Uhr, an der Feuerwehr.<\/span><br \/>\n<span style=\"color: #000000;\"><span style=\"font-family: Arial;\">Beginn mit Wei\u00dfwurstfr\u00fchst\u00fcck, am Mittag &#8222;Essen vom Grill&#8220;, Abschluss bei Kaffee und Kuchen, mit musikalischer Unterhaltung. <\/span><span style=\"font-family: Arial;\">F\u00fcr Kinder gibt es ein buntes Programm &#8211; Rundfahrten mit dem Feuerwehrauto, ein Zielspritzen und eine H\u00fcpfburg. <\/span><\/span><span style=\"font-family: Arial; color: #000000;\">Bis Mittag spielt f\u00fcr Sie <\/span><\/p>\n<h4 style=\"text-align: center;\"><span style=\"font-family: Arial; color: #000000;\"><strong>\u201eGlufemichel\u201c<\/strong>.<\/span><span style=\"font-family: Arial;\"><br \/>\n<\/span><\/h4>\n<p>&nbsp;<\/p>\n<p>&nbsp;<\/p>\n<p><a href=\"https:\/\/ffw-haldenwang.de\/ffw\/wp-content\/uploads\/2024\/03\/plakat-rosenfeuer-24-1.jpg\" target=\"_blank\" rel=\"noopener\"><img loading=\"lazy\" decoding=\"async\" class=\"alignnone wp-image-1595 size-medium\" src=\"https:\/\/ffw-haldenwang.de\/ffw\/wp-content\/uploads\/2024\/03\/plakat-rosenfeuer-24-1-212x300.jpg\" alt=\"\" width=\"212\" height=\"300\"><\/a><\/p>\n<p><span style=\"color: #000000;\">Am Samstag den 9. M\u00e4rz 2024 ab 9.00 Uhr istdie Annahme des Brennmaterials neben dem Feuerwehrhaus m\u00f6glich.<\/span><br \/>\n<span style=\"color: #000000;\">Angenommen kann nur trockenes Holz, \u00c4ste, Str\u00e4ucherschnitt usw.<\/span><br \/>\n<span style=\"color: #000000;\"><strong><span style=\"text-decoration: underline;\">Hinweis:<\/span><\/strong> <span style=\"text-decoration: underline;\">Keine<\/span> Annahme von Abbruchholz\/Paletten mit N\u00e4geln\/Schrauben, lakiertem Holz oder \u00e4hnliches!<\/span><\/p>\n<p><span style=\"color: #000000;\">Der Verwaltungsrat<\/span><\/p>\n<p>&nbsp;<\/p>\n<p><a href=\"https:\/\/ffw-haldenwang.de\/ffw\/wp-content\/uploads\/2023\/12\/Anzeige.jpg\"><img loading=\"lazy\" decoding=\"async\" class=\"alignnone size-thumbnail wp-image-1499\" src=\"https:\/\/ffw-haldenwang.de\/ffw\/wp-content\/uploads\/2023\/12\/Anzeige-150x150.jpg\" alt=\"\" width=\"150\" height=\"150\"><\/a><\/p>\n<p>&nbsp;<\/p>\n<p>&nbsp;<\/p>\n<p><span style=\"color: #000000;\"><strong><u>Ehrenvolle Verabschiedung nach fast 48 Jahren aktiver Dienstzeit bei der Feuerwehr Haldenwang<br \/>\n<\/u><\/strong><\/span><\/p>\n<p>Zu seiner letzten offiziellen Feuerwehr\u00fcbung am 10. November wurde Alexander Schwarz mit seiner Ehefrau Annelies mit einem Feuerwehr-Fahrzeugkorso abgeholt und mit einem Spalier von seinen Kameradinnen und Kameraden am Feuerwehrhaus Haldenwang empfangen.<br \/>\n<a href=\"https:\/\/ffw-haldenwang.de\/ffw\/wp-content\/uploads\/2023\/11\/portrait-5-scaled.jpg\"><img loading=\"lazy\" decoding=\"async\" class=\"alignnone size-thumbnail wp-image-1495\" src=\"https:\/\/ffw-haldenwang.de\/ffw\/wp-content\/uploads\/2023\/11\/portrait-5-150x150.jpg\" alt=\"\" width=\"150\" height=\"150\"><\/a> <a href=\"https:\/\/ffw-haldenwang.de\/ffw\/wp-content\/uploads\/2023\/11\/portrait-2-scaled.jpg\"><img loading=\"lazy\" decoding=\"async\" class=\"alignnone size-thumbnail wp-image-1494\" src=\"https:\/\/ffw-haldenwang.de\/ffw\/wp-content\/uploads\/2023\/11\/portrait-2-150x150.jpg\" alt=\"\" width=\"150\" height=\"150\"><\/a><br \/>\nNach fast auf den Tag genau 47 Jahren und 10 Monaten aktivem Dienst bei der Feuerwehr stand f\u00fcr Alexander die letzte offizielle \u00dcbung auf dem Plan. Nachdem sich Alexander weit \u00fcber dem Durchschnitt f\u00fcr die Feuerwehr engagierte, sei es zuletzt als Gruppenf\u00fchrer in Haldenwang, als Ausbilder auf Landkreisebene oder Berater bei Technik-Beschaffungen von anderen Feuerwehren, war f\u00fcr Kommandant Thomas Bachmann klar, dass man \u201eXandi\u201c nicht einfach so gehen lassen d\u00fcrfte.<\/p>\n<p>Kurzerhand wurde eine kleine Verabschiedungsfeier organisiert um seine Dienste und sein Engagement zu w\u00fcrdigen. Viele Kameradinnen und Kameraden aus Haldenwang und B\u00f6rwang nutzten die Gelegenheit, zu einem gelungenen Abschied aus dem aktiven Dienst zu beizutragen.<\/p>\n<p>Dem aufrichtigen Dank von Thomas Bachmann schlossen sich 1. B\u00fcrgermeister Josef W\u00f6lfle, Kreisbrandrat Michael Seger sowie der B\u00f6rwanger Kommandant Alexander Kolb an und dankten Alexander f\u00fcr sein Engagement innerhalb und au\u00dferhalb der Gemeinde und die vielen Dienstjahre bei der Freiwilligen Feuerwehr Haldenwang.<br \/>\n<a href=\"https:\/\/ffw-haldenwang.de\/ffw\/wp-content\/uploads\/2023\/11\/portrait-7-scaled.jpg\"><img loading=\"lazy\" decoding=\"async\" class=\"alignnone size-thumbnail wp-image-1496\" src=\"https:\/\/ffw-haldenwang.de\/ffw\/wp-content\/uploads\/2023\/11\/portrait-7-150x150.jpg\" alt=\"\" width=\"150\" height=\"150\"><\/a><br \/>\nIn gem\u00fctlicher Runde wurde der Abschied aus dem aktiven Dienst dann bei einer Brotzeit im Feuerwehrhaus gefeiert.<\/p>\n<p><span style=\"color: #000000;\"><strong><u>&nbsp;<\/u><\/strong><\/span><\/p>\n<p>&nbsp;<\/p>\n<p><strong><span style=\"color: #000000;\">Altmetallsammlung:<\/span><\/strong><span style=\"color: #000000;\"><br \/>\nAm Freitag den 20. Oktober und Samstag den 21. Oktober f\u00fchrt die Feuerwehr Haldenwang<br \/>\nwieder eine Altmetallsammlung durch.<br \/>\nGr\u00f6\u00dfere Teile k\u00f6nnen unter Anmeldung bei Norbert Bentele<br \/>\nunter Tel. 0171 3498 356<br \/>\nauch abgeholt werden.<br \/>\n<\/span><\/p>\n<p><span style=\"text-decoration: underline; color: #000000;\"><strong>Viehscheid 2023:<br \/>\n<\/strong><\/span><span style=\"color: #000000;\">Aufbau am Freitag den 29. September ab 13:00 Uhr am Scheidplatz.<\/span><span style=\"color: #000000;\"><br \/>\nSamstag 30. September ab 6:30 Uhr.<br \/>\nViele Helfer und Kuchenspender sind gefragt, bitte beim Vorstand melden.&nbsp;<\/span><\/p>\n<p>&nbsp;<\/p>\n<p>&nbsp;<\/p>\n<p>&nbsp;<\/p>\n<p><span style=\"color: #000000;\">Gestern Abend ist unser Kamerad und Ehrenmitglied Martin Mark<br \/>\nnach seiner Krankheit verstorben.<br \/>\nDie Kameraden der Freiwilligen Feuerwehr Haldenwang<br \/>\nwerden dich stets in Erinnerung behalten.<\/span><\/p>\n<p><a href=\"https:\/\/ffw-haldenwang.de\/ffw\/wp-content\/uploads\/2023\/08\/IMG_6797m-scaled.jpg\"><img loading=\"lazy\" decoding=\"async\" class=\"alignnone size-thumbnail wp-image-1443\" src=\"https:\/\/ffw-haldenwang.de\/ffw\/wp-content\/uploads\/2023\/08\/IMG_6797m-150x150.jpg\" alt=\"\" width=\"150\" height=\"150\"><\/a><\/p>\n<p>Gedenkfeier mit Aussegnung findet<br \/>\nam Freitag den 18. August um 13:30 Uhr<br \/>\n&nbsp;in der Pfarrkirche Haldenwang statt.<\/p>\n<p>&nbsp;<\/p>\n<p>&nbsp;<\/p>\n<p><strong><span style=\"color: #000000;\">Grillfest mit Sonnwendfeuer<\/span>.<br \/>\n<a href=\"https:\/\/ffw-haldenwang.de\/ffw\/wp-content\/uploads\/2023\/06\/230606-Plakat-Grillfest-Sonnwendfeier-23-1.jpg\"><img loading=\"lazy\" decoding=\"async\" class=\"alignnone wp-image-1317 size-medium\" src=\"https:\/\/ffw-haldenwang.de\/ffw\/wp-content\/uploads\/2023\/06\/230606-Plakat-Grillfest-Sonnwendfeier-23-1-212x300.jpg\" alt=\"\" width=\"212\" height=\"300\"><\/a><br \/>\nDIe Feuerwehr Haldenwang Veranstaltet am Samstag den 24. Juni 2023<br \/>\nwieder ein Grillfest mit einem Sonnwendfeuer.<br \/>\nBeginn ist um 15:00 Uhr am Feuerwehrhaus Haldenwang.<br \/>\nAm Abend wird dann das Sonnwendfeuer entz\u00fcndet.<br \/>\nDie Feuerwehr freud sich auf ihren Besuch.<br \/>\n<\/strong><\/p>\n<p>BSC Neu Ulm<\/p>\n<p>ngg_shortcode_1_placeholder<span style=\"text-decoration: underline; color: #000000;\"><strong>Rosenfeuer:<br \/>\n<\/strong><\/span>Am Samstag den 18. M\u00e4rz 2023 veranstaltet die Feuerwehr Haldenwang<br \/>\nwieder das bereits schon tratitionelle Rosenfeuer.<br \/>\n<a href=\"https:\/\/ffw-haldenwang.de\/ffw\/wp-content\/uploads\/2023\/03\/Einladung-Rosenfeuer2023.pdf\">Weiter Informationen<\/a>&nbsp;<\/p>\n<p>&nbsp;<\/p>\n<p><span style=\"color: #000000;\"><span style=\"color: #ff0000;\"><span style=\"color: #000000;\">Liebe Gemeindeb\u00fcrgerinnen und -b\u00fcrger, vielen herzlichen Dank f\u00fcr ihre Spendenbereitschaft, damit wir das gro\u00dfe Feuerwerk zum Jahreswechsel am Feuerwehrhaus veranstalten konnten. Nur durch ihre Hilfe war es uns m\u00f6glich dieses eindrucksvolle und sch\u00f6ne Erlebnis zum neuen Jahr stattfinden zu lassen. Unser Dank gilt auch der Gemeinde Haldenwang, mit Herrn B\u00fcrgermeister W\u00f6lfle und dem gesamten Gemeinderat f\u00fcr ihre Unterst\u00fctzung. Ein besonderer Dank gilt Christian Owsinski und seinem Team der Allg\u00e4uer Pyrotechnik mit Klaus M\u00fcller, die das Feuerwerk geplant und durchgef\u00fchrt haben und dem Studio Kindberg mit Alfons Kennerknecht. Die vielen positiven R\u00fcckmeldungen und Resonanzen werden wir in unsere weitere Planungen f\u00fcr eine m\u00f6gliche Wiederholung zum n\u00e4chsten Jahreswechsel 2023\/2024 einflie\u00dfen lassen. Wir w\u00fcnschen ihnen allen einen erfolgreichen Start ins neue Jahr 2023, viel Gl\u00fcck, Gesundheit und den Schutz des heiligen Florians.<br \/>\nVideo zum Silvester-Feuerwerk: &nbsp;<\/span><\/span><\/span><span style=\"text-decoration: underline; color: #000000;\"><strong><span style=\"color: #ff0000; text-decoration: underline;\"><span style=\"color: #000000; text-decoration: underline;\"><br \/>\n<a href=\"https:\/\/www.youtube.com\/watch?v=ANnQDcF0_gw\" target=\"_blank\" rel=\"noopener\">https:\/\/www.youtube.com\/watch?v=ANnQDcF0_gw<\/a><\/span><\/span><br \/>\n<\/strong><\/span><\/p>\n<p><img loading=\"lazy\" decoding=\"async\" class=\"alignnone wp-image-1184 size-full\" src=\"https:\/\/ffw-haldenwang.de\/ffw\/wp-content\/uploads\/2022\/12\/Haldenwang-leuchtet.jpg\" alt=\"\" width=\"1641\" height=\"431\"><\/p>\n<p><span style=\"color: #666699;\">Eine kleine Rakete die einsam in der Nacht vergl\u00fcht und wochenlang als M\u00fcll auf Stra\u00dfe oder Feld liegt. Dies soll kommendes Silvester in Haldenwang nicht mehr passieren.<\/span><br \/>\n<span style=\"color: #666699;\">Erstmals wird es in Haldenwang ein zentrales Feuerwerk geben.&nbsp; Das Feuerwerk wird von der Feuerwehr Haldenwang veranstaltet und mit Hilfe eines staatlich gepr\u00fcften Pyrotechnikers, Klaus M\u00fcller \u2013 Allg\u00e4uer Pyrotechnik, gez\u00fcndet. Die Planung erfolgt durch HEPHAISTOS \u2013 Art of pyrotechnics. Durch diese Kombination ist es m\u00f6glich ein musiksynchrones Gro\u00dffeuerwerk durchzuf\u00fchren, wie es f\u00fcr eine Gemeinde in der Gr\u00f6\u00dfe von Haldenwang in dieser Form sonst nicht darstellbar w\u00e4re. Durch eine gemeinsame Aufr\u00e4umaktion wird zudem gew\u00e4hrleistet, dass die \u00dcberreste des Pyromusicals akribisch aufgesammelt werden.<\/span><\/p>\n<p><span style=\"font-size: 2.06em; color: #666699;\">Das Event<\/span><\/p>\n<p class=\"kt-adv-heading_c04c99-2c wp-block-kadence-advancedheading\" data-kb-block=\"kb-adv-heading_c04c99-2c\"><span style=\"color: #666699;\">P\u00fcnktlich zum Jahreswechsel 2022\/2023 wird der Startknopf f\u00fcr das rund 15 min\u00fctige musiksynchrone Feuerwerk gedr\u00fcckt. Durch eine Komposition von Brokatfeuerwerk, H\u00f6henfeuerwerk und Gro\u00dffeuerwerk wird der Himmel \u00fcber Haldenwang zum Leuchten gebracht werden.<\/span><\/p>\n<p><span style=\"font-size: 2.06em; color: #666699;\">Die \u00d6rtlichkeit<\/span><\/p>\n<p class=\"kt-adv-heading_d4a545-10 wp-block-kadence-advancedheading\" data-kb-block=\"kb-adv-heading_d4a545-10\"><span style=\"color: #666699;\">Das Feuerwerk wird am n\u00f6rdlichen Ortsrand von 87490 Haldenwang (in Richtung Seebach) im Bereich zwischen Weiher und Bebauung aufgebaut. Von der Ausrichtung \/ Beschallung wird es f\u00fcr Zuschauer im Bereich der Schulstra\u00dfe optimiert. Aber auch vom Radweg<\/span> <span style=\"color: #666699;\">Richtung Seebach und den oberhalb liegenden Wiesen wird das Feuerwerk sehr gut zu sehen sein.<\/span><\/p>\n<p class=\"kt-adv-heading_ae61fe-16 wp-block-kadence-advancedheading\" data-kb-block=\"kb-adv-heading_ae61fe-16\"><span style=\"color: #666699;\">Da es sich um ein musiksynchrones Feuerwerk handelt, wird darauf hingewiesen, dass der volle Effekt nur vor Ort erlebt werden kann, auch wenn gro\u00dfe Teile des Feuerwerks im restlichen Ortsbereich gesehen werden k\u00f6nnen.<\/span><\/p>\n<p><span style=\"font-size: 2.06em; color: #666699;\">Das Ziel<\/span><\/p>\n<p class=\"kt-adv-heading_44c2c5-bb wp-block-kadence-advancedheading\" data-kb-block=\"kb-adv-heading_44c2c5-bb\"><span style=\"color: #666699;\">Die Gemeinde verspricht sich hierdurch einen gr\u00f6\u00dftm\u00f6glichen Konsens zwischen Feuerwerksfreunden und Kritikern dieses Silvesterbrauchs, da auch die Auswirkungen f\u00fcr die Tiere zeitlich und \u00f6rtlich begrenzt werden und die Verschmutzung der Ortsstra\u00dfen und Felder minimiert wird.<\/span><\/p>\n<p class=\"kt-adv-heading_c65872-08 wp-block-kadence-advancedheading\" data-kb-block=\"kb-adv-heading_c65872-08\"><span style=\"color: #666699;\">Entsprechend werden alle Mitb\u00fcrgerinnen und Mitb\u00fcrger seitens der Gemeinde gebeten, freiwillig auf privates Feuerwerk zu verzichten.<\/span><\/p>\n<p class=\"kt-adv-heading_d89694-29 wp-block-kadence-advancedheading\" data-kb-block=\"kb-adv-heading_d89694-29\"><span style=\"color: #666699;\">Stattdessen w\u00fcrden sich die Veranstalter \u00fcber Geldspenden freuen, die zum Jahreswechsel vor Ort abgegeben werden k\u00f6nnen und so eine Wiederholung der Veranstaltung im kommenden Jahr sichern.<\/span><\/p>\n<p><span style=\"color: #666699;\"><strong><span style=\"font-size: 2.06em;\">Aktuelle Hinweise<\/span><\/strong><\/span><\/p>\n<p><span style=\"color: #666699;\">Bei unpassender Witterung \u2013 insbesondere bei Nebel, starken Schneefall, Sturm \u2013 wird das Feuerwerk verschoben. In diesem Fall werden Informationen hierzu zeitnah auf dieser Seite \/ den entsprechenden sozialen Medien ver\u00f6ffentlicht.<\/span><\/p>\n<p>&nbsp;<\/p>\n<p>&nbsp;<\/p>\n<p><strong><span style=\"color: #000000;\">Viehscheid 2022:<\/span><\/strong><br \/>\n<span style=\"color: #333333;\">Aufbau am Freitag den 23. September ab 13:00 Uhr am Scheidplatz.<\/span><br \/>\n<span style=\"color: #333333;\">Samstag 24. September ab 6:30 Uhr.<br \/>\n<\/span><span style=\"color: #333333;\">Viele Helfer sind gefragt, bitte beim Vorstand melden.&nbsp;<\/span><\/p>\n<p><strong><span style=\"color: #000000;\">Jugend Sammelt Altpapier:<\/span><\/strong><br \/>\n<span style=\"color: #000000;\">Am Samstag den 26 M\u00e4rz 2022 sammelt die Jugendfeuerwehr Altpapier.<\/span><span style=\"text-decoration: underline; color: #000000;\"><strong><br \/>\n<\/strong><\/span><span style=\"color: #000000;\">Die Sammelstelle befindet sich in Ottisried 2, <\/span><span style=\"color: #000000;\"><br \/>\nUnterst\u00fctzen sie die Jugend der Feuerwehr Haldenwang und bringen sie<br \/>\nm\u00f6glichst viel Altpapier zum Sammelplatz.<\/span><\/p>\n<p>&nbsp;<\/p>\n<p><span style=\"color: #000000;\"><span style=\"color: #777777;\"><span style=\"color: #333333;\"><strong><span style=\"color: #000000;\">Feuerwehr Haldenwang spendet Schutzkleidung:<\/span><\/strong><br \/>\n<\/span><\/span><\/span><span style=\"text-decoration: underline; color: #000000;\"><span style=\"color: #777777; text-decoration: underline;\">Unterst\u00fctzung f\u00fcr die Kameraden in der Ukraine<br \/>\n<\/span><\/span>Einem Aufruf folgend konnten wir heute 10 Jacken, 10 Hosen, 19 Helme und 33 hochwertige Stoffmasken auf die Reise zu ukrainischen Kameraden schicken um diese in dieser schwierigen Zeit zu unterst\u00fctzen. Da unsere Schutzkleidung die vergangenen Jahre ausgetauscht wurde haben wir hiermit eine sehr gute Verwendung f\u00fcr die noch gut erhaltenen &#8222;\u00dcberbleibsel&#8220; der alten Ausr\u00fcstung.<br \/>\n\n<table id=\"tablepress-5\" class=\"tablepress tablepress-id-5\">\n<thead>\n<tr class=\"row-1\">\n\t<th class=\"column-1\"><a href=\"https:\/\/ffw-haldenwang.de\/ffw\/wp-content\/uploads\/2022\/03\/DSC_Ukraine-2-scaled.jpg\"><img loading=\"lazy\" decoding=\"async\" src=\"https:\/\/ffw-haldenwang.de\/ffw\/wp-content\/uploads\/2022\/03\/DSC_Ukraine-2-150x150.jpg\" alt=\"\" width=\"150\" height=\"150\" class=\"aligncenter size-thumbnail wp-image-738\" \/><\/a><\/th><th class=\"column-2\"><a href=\"https:\/\/ffw-haldenwang.de\/ffw\/wp-content\/uploads\/2022\/03\/DSC_Ukraine-1-scaled.jpg\"><img loading=\"lazy\" decoding=\"async\" src=\"https:\/\/ffw-haldenwang.de\/ffw\/wp-content\/uploads\/2022\/03\/DSC_Ukraine-1-150x150.jpg\" alt=\"\" width=\"150\" height=\"150\" class=\"aligncenter size-thumbnail wp-image-744\" \/><\/a><\/th>\n<\/tr>\n<\/thead>\n<tbody class=\"row-striping row-hover\">\n<\/tbody>\n<\/table>\n<!-- #tablepress-5 from cache --><\/p>\n<p>&nbsp;<\/p>\n<h4><span style=\"color: #ff0000;\"><span style=\"color: #ff0000;\">Abgesagt:<\/span><\/span><\/h4>\n<p>um die Einsatzbereitschaft der Feuerwehr trotz erh\u00f6htem Infektionsrisiko durch Omikron<br \/>\naufrecht zu erhalten wurde die Jahreshauptversammlung vorerst <strong><span style=\"text-decoration: underline;\">abgesagt<\/span><\/strong>.<br \/>\nAls Ersatztermin ist derzeit Freitag den 25. M\u00e4rz 2022 angedacht.<\/p>\n<p>&nbsp;&nbsp;<\/p>\n<p>&nbsp;<\/p>\n<p>Altmetallsammlung:<span style=\"text-decoration: underline; color: #000000;\"><strong><br \/>\n<\/strong><\/span><span style=\"color: #000000;\">Am Freitag und Samstag den 19. und 20. November veranstaltet die Feuerwehr Haldenwang<br \/>\nwieder eine Altmetallsammlung.&nbsp;<br \/>\n<strong><span style=\"color: #ff0000;\">Termine f\u00fcr Anlieferung:<\/span><br \/>\n<\/strong>Freitag&nbsp; &nbsp; den 19. November von 15:00 &#8211; 18:00 Uhr.<br \/>\nSamstag den 20. November von 09:00 &#8211; 15:00 Uhr.<br \/>\n<strong>Gr\u00f6\u00dfere Mengen<\/strong> oder schwere Teile k\u00f6nnen abgeholt werden.<br \/>\nTel. Anmeldung bei<br \/>\nAlexander Schwarz&nbsp; &nbsp;0171 562 1157 oder bei<br \/>\nNorbert Bentele&nbsp; &nbsp; &nbsp; &nbsp; &nbsp;0171 349 8356<\/span><\/p>\n<p>&nbsp;<\/p>\n<p>&nbsp;<\/p>\n<p><span style=\"color: #333333;\"><strong><u>T\u00fcr\u00f6ffnungsseminar<\/u><\/strong><\/span><\/p>\n<p><span style=\"color: #333333;\">Immer h\u00e4ufiger werden wir zu sogenannten T\u00fcr\u00f6ffnungs-Eins\u00e4tzen alarmiert bei denen wir zum \u00d6ffnen von Wohnungen gerufen werden in denen hilflose Personen sind oder vermutet werden.<\/span><\/p>\n<p><span style=\"color: #333333;\">Damit wir hier m\u00f6glichst schnell helfen k\u00f6nnen fand am 27.10.2021 ein Lehrgang mit 18 Feuerwehrkameraden und drei Ausbildern von RS-Zugangstechniken statt.<\/span><\/p>\n<p><span style=\"color: #333333;\">Zun\u00e4chst wurden in einer Theorieschulung die wichtigsten Grundkenntnisse und Rechtsgrundlagen vermittelt, bevor jeder die verschiedensten \u00d6ffnungstechniken, von zerst\u00f6rungsfrei bis zerst\u00f6rungsarm selbst ausprobieren und \u00fcben konnte.<\/span><\/p>\n<p><span style=\"color: #333333;\">Es war ein sehr lehrreicher Tag der uns viel einsatztaugliches Wissen vermittelt hat.<\/span><\/p>\n<p><span style=\"color: #333333;\">*Anmerkung: Vor Beginn des Lehrganges wurden ALLE Teilnehmer und Ausbilder per Schnelltest getestet. Nachdem alle Personen negativ waren wurde auf das Tragen einer Maske verzichtet.<\/span><\/p>\n\n<table id=\"tablepress-3\" class=\"tablepress tablepress-id-3\">\n<thead>\n<tr class=\"row-1\">\n\t<th class=\"column-1\"><a href=\"https:\/\/ffw-haldenwang.de\/ffw\/wp-content\/uploads\/2021\/11\/Schulung-Tueroeffnung-2-scaled.jpg\"><img loading=\"lazy\" decoding=\"async\" src=\"https:\/\/ffw-haldenwang.de\/ffw\/wp-content\/uploads\/2021\/11\/Schulung-Tueroeffnung-2-150x150.jpg\" alt=\"\" width=\"150\" height=\"150\" class=\"aligncenter size-thumbnail wp-image-588\" \/><\/a><\/th><th class=\"column-2\"><a href=\"https:\/\/ffw-haldenwang.de\/ffw\/wp-content\/uploads\/2021\/11\/Schulung-Tueroeffnung-1.jpg\"><img loading=\"lazy\" decoding=\"async\" src=\"https:\/\/ffw-haldenwang.de\/ffw\/wp-content\/uploads\/2021\/11\/Schulung-Tueroeffnung-1-150x150.jpg\" alt=\"\" width=\"150\" height=\"150\" class=\"aligncenter size-thumbnail wp-image-587\" \/><\/a><\/th><th class=\"column-3\"><a href=\"https:\/\/ffw-haldenwang.de\/ffw\/wp-content\/uploads\/2021\/11\/Schulung-Tueroeffnung-3-scaled.jpg\"><img loading=\"lazy\" decoding=\"async\" src=\"https:\/\/ffw-haldenwang.de\/ffw\/wp-content\/uploads\/2021\/11\/Schulung-Tueroeffnung-3-150x150.jpg\" alt=\"\" width=\"150\" height=\"150\" class=\"aligncenter size-thumbnail wp-image-589\" \/><\/a><\/th>\n<\/tr>\n<\/thead>\n<tbody class=\"row-striping row-hover\">\n<\/tbody>\n<\/table>\n<!-- #tablepress-3 from cache -->\n<p><span style=\"color: #000000;\"><strong>&nbsp;<\/strong><\/span><\/p>\n<p>&nbsp;<\/p>\n<p style=\"font-weight: 400;\"><strong><span style=\"color: #000000;\">Blick \u00fcber den Tellerrand<\/span><br \/>\n<\/strong>Einer Einladung unserer B\u00f6rwanger Kameradinnen und Kameraden folgend durften drei Haldenwanger Feuerwehrler erfolgreich an der Leistungspr\u00fcfung &#8222;Die Gruppe im Hilfeleistungseinsatz&#8220; teilnehmen. An den Vorbereitungsterminen mussten zun\u00e4chst einmal die neuen Arbeitsabl\u00e4ufe sowie die auf dem Fahrzeug verlasteten Gegenst\u00e4nde an ihren Orten gelernt werden um diese bei der Abnahme zu beherrschen.<br \/>\nBei einer fehlerfreien Pr\u00fcfung durfte dann die reibungslose Zusammenarbeit zwischen B\u00f6rwanger und Haldenwanger Kameraden demonstriert werden und unsere Kameraden d\u00fcrfen sich nun \u00fcber das Bronzene Abzeichen freuen.<br \/>\nVielen Dank f\u00fcr die Einladung und die gute Zusammenarbeit<br \/>\n<a href=\"https:\/\/ffw-haldenwang.de\/ffw\/wp-content\/uploads\/2021\/10\/Leistungsabzeichen-THL-scaled.jpg\"><img loading=\"lazy\" decoding=\"async\" class=\"alignnone wp-image-582 size-thumbnail\" src=\"https:\/\/ffw-haldenwang.de\/ffw\/wp-content\/uploads\/2021\/10\/Leistungsabzeichen-THL-150x150.jpg\" alt=\"\" width=\"150\" height=\"150\"><\/a><\/p>\n<p><span style=\"text-decoration: underline; color: #000000;\"><strong><br \/>\n<\/strong><\/span><span style=\"text-decoration: underline;\"><span style=\"color: #000000; text-decoration: underline;\">Schulungstermin:<br \/>\n<\/span><\/span><span style=\"color: #808080;\">Schulung f\u00fcr T\u00fcr\u00f6ffnung am 27. Oktober<br \/>\nvon 8:30 bis ca. 15:30 Uhr.<br \/>\nAnmeldung \u00fcber HiOrg-server oder bei Bachmann Thomas<\/span><\/p>\n<p><span style=\"color: #000000;\">&nbsp;<\/span><\/p>\n<p><span style=\"text-decoration: underline;\"><strong>Wir d\u00fcrfen wieder \u00dcben:<\/strong><\/span><br \/>\nAktuelle \u00dcbungstermine <em>(ohne Anmeldung)<\/em><br \/>\nGruppe Schwarz<br \/>\n&nbsp;&nbsp;&nbsp;&nbsp;&nbsp;&nbsp;&nbsp;&nbsp;&nbsp;&nbsp;&nbsp;&nbsp;&nbsp;&nbsp;&nbsp;&nbsp;&nbsp;&nbsp;&nbsp;&nbsp;&nbsp;&nbsp;&nbsp;&nbsp;&nbsp; Freitag 9. Juli&nbsp; 19:00 Uhr<br \/>\nGruppe Karg<br \/>\n&nbsp;&nbsp;&nbsp;&nbsp;&nbsp;&nbsp;&nbsp;&nbsp;&nbsp;&nbsp;&nbsp;&nbsp;&nbsp;&nbsp;&nbsp;&nbsp;&nbsp;&nbsp;&nbsp;&nbsp;&nbsp;&nbsp;&nbsp;&nbsp; Montag 12. Juli 19:00 Uhr<br \/>\nAtemschutz\u00fcbung<br \/>\n&nbsp;&nbsp;&nbsp;&nbsp;&nbsp;&nbsp;&nbsp;&nbsp;&nbsp;&nbsp;&nbsp;&nbsp;&nbsp;&nbsp;&nbsp;&nbsp;&nbsp;&nbsp;&nbsp;&nbsp;&nbsp;&nbsp;&nbsp;&nbsp; Dienstag 13. Juli 19:00 Uhr<br \/>\nBeide Gruppen Gesamt\u00fcbung<br \/>\n&nbsp;&nbsp;&nbsp;&nbsp;&nbsp;&nbsp;&nbsp;&nbsp;&nbsp;&nbsp;&nbsp;&nbsp;&nbsp;&nbsp;&nbsp;&nbsp;&nbsp;&nbsp;&nbsp;&nbsp;&nbsp;&nbsp;&nbsp;&nbsp; Freitag 27. August 19:00 Uhr<\/p>\n<p><span style=\"color: #000000;\">Hygienekonzept w\u00e4rend der \u00dcbung.<span style=\"color: #999999;\"><br \/>\n<\/span><\/span>In den Fahrzeugen und wenn der Mindestabstand nicht eingehalten werden kann<br \/>\nm\u00fcssen wir FFP2-Masken tragen.<\/p>\n<p>&nbsp;&nbsp;&nbsp;&nbsp;<\/p>\n<p>&nbsp;<\/p>\n<p>Auch wir leisten unseren Beitrag, um die Verbreitung des Coronavirus einzud\u00e4mmen!<\/p>\n<p><strong><u>Proben und \u00dcbungen werden bis auf weiteres eingestellt.<\/u><\/strong><\/p>\n<p>Wir nutzen die Gelegenheit, allen Mitb\u00fcrgerinnen und Mitb\u00fcrger zu versichern, dass unsere Wehr auch in Corona Zeiten f\u00fcr<br \/>\n<strong><u>Noteins\u00e4tze bereit und jederzeit unter der Notrufnummer 112 erreichbar ist!<\/u><\/strong><\/p>\n<p>&nbsp;<\/p>\n<p>&nbsp;<\/p>\n<p><strong><u>Ausbreitung des Coronavirus<\/u><\/strong><strong>&nbsp;<\/strong><\/p>\n<p>Aus aktuellem Anlass und auf Empfelung vom Landratsamt Oberallg\u00e4u und Kreisbrandrat Michael Seger wird das Rosenfeuer 2020 abgesagt.&nbsp;<\/p>\n<p>&nbsp;<\/p>\n<p><strong>In Abstimmung mit Kreisfeuerwehrarzt Bernd Fischer, dem Landratsamt Oberallg\u00e4u und Stadtbrandrat Andreas Hofer aus Kempten wird daher ab sofort angeordnet, dass bei den Freiwilligen Feuerwehren<br \/>\nder \u00dcbungs- und Ausbildungsbetrieb bis auf weiteres einzustellen ist.<br \/>\nDies gilt nat\u00fcrlich auch f\u00fcr die Kinder- und Jugendfeuerwehren. Ebenfalls wird dringenst empfohlen, die noch anstehenden,<u> Vereinsveranstaltungen<\/u>&#8211; und Dienstversammlungen bis mindestens nach den Osterferien zu verschieben.<\/strong><\/p>\n<p><u>F\u00fcr Eins\u00e4tze gelten folgende Hinweise:<\/u><\/p>\n<p><strong>-nat\u00fcrlich r\u00fcckt die Feuerwehr zu Eins\u00e4tzen aus<\/strong><strong><br \/>\n-nur gesunde Kameradinnen und Kameraden nehmen an den Eins\u00e4tzen teil. KREISBRANDRAT im Landkreis Oberallg\u00e4u MICHAEL SEGER An alle St\u00e4dte, M\u00e4rkte und Gemeinden des Landkreises Oberallg\u00e4u An alle Freiwilligen Feuerwehren des Landkreises Oberallg\u00e4u An alle Werkfeuerwehren.<\/strong><\/p>\n<p><strong><br \/>\n\u2013 zur Info<\/strong><\/p>\n<p>&nbsp;-keine Teilnahme von Kameradinnen und Kameraden die in den letzten 14 Tagen&nbsp;&nbsp;&nbsp; in einem Risikogebiet waren<\/p>\n<p><strong>-Einsatzhygiene unbedingt beachten -nach Krankheit erst wieder Teilnahme an Eins\u00e4tzen nach vollst\u00e4ndiger Genesung plus mindestens 48 Stunden<br \/>\n-die sonstigen, in den Medien bereits ver\u00f6ffentlichten, Verhaltensregeln beachten.<\/strong><\/p>\n<p><strong><u>Diese Anordnung gilt bis auf Widerruf.<\/u><\/strong><\/p>\n<p>Aktuell info zu dem neuen \u00dcbungsplan.<\/p>\n","protected":false},"excerpt":{"rendered":"<p>Aktuelle Informationen: &nbsp; &nbsp; &nbsp; &nbsp; &nbsp; &nbsp; &nbsp; &nbsp; Familienfest am Sonntag den 1. Juni 2025 &gt;weitere INFOS&lt; &nbsp; &nbsp; &nbsp; &nbsp; Freiwillige Feuerwehr Haldenwang und B\u00f6rwang Einladung zum Kameradschaftsabend am Samstag 26. Oktober 2024 Zum gemeinsamen Kameradschaftsabend der Freiwilligen Feuerwehr Haldenwang und B\u00f6rwang am Samstag, den 26.10.2024 um &hellip;<\/p>\n","protected":false},"author":1,"featured_media":0,"parent":0,"menu_order":0,"comment_status":"closed","ping_status":"closed","template":"","meta":{"ngg_post_thumbnail":0,"footnotes":""},"class_list":["post-22","page","type-page","status-publish","hentry"],"_links":{"self":[{"href":"https:\/\/ffw-haldenwang.de\/ffw\/wp-json\/wp\/v2\/pages\/22","targetHints":{"allow":["GET"]}}],"collection":[{"href":"https:\/\/ffw-haldenwang.de\/ffw\/wp-json\/wp\/v2\/pages"}],"about":[{"href":"https:\/\/ffw-haldenwang.de\/ffw\/wp-json\/wp\/v2\/types\/page"}],"author":[{"embeddable":true,"href":"https:\/\/ffw-haldenwang.de\/ffw\/wp-json\/wp\/v2\/users\/1"}],"replies":[{"embeddable":true,"href":"https:\/\/ffw-haldenwang.de\/ffw\/wp-json\/wp\/v2\/comments?post=22"}],"version-history":[{"count":101,"href":"https:\/\/ffw-haldenwang.de\/ffw\/wp-json\/wp\/v2\/pages\/22\/revisions"}],"predecessor-version":[{"id":1985,"href":"https:\/\/ffw-haldenwang.de\/ffw\/wp-json\/wp\/v2\/pages\/22\/revisions\/1985"}],"wp:attachment":[{"href":"https:\/\/ffw-haldenwang.de\/ffw\/wp-json\/wp\/v2\/media?parent=22"}],"curies":[{"name":"wp","href":"https:\/\/api.w.org\/{rel}","templated":true}]}}